{"id":2569,"date":"2023-12-06T13:02:59","date_gmt":"2023-12-06T12:02:59","guid":{"rendered":"https:\/\/granagroup.wpenginepowered.com\/?page_id=2569"},"modified":"2024-01-31T10:28:38","modified_gmt":"2024-01-31T09:28:38","slug":"adatvedelmi-nyilatkozat","status":"publish","type":"page","link":"https:\/\/granagroup.eu\/hu\/adatvedelmi-nyilatkozat\/","title":{"rendered":"Adatv\u00e9delmi nyilatkozat"},"content":{"rendered":"\n<p>Mi, a fenaco, Erlachstrasse 5, 3001 Bern (a tov\u00e1bbiakban \u201emi \/ a mi\u201d kifejez\u00e9ssel \u00e9lve), szem\u00e9lyes jelleg\u0171 adatainak v\u00e9delm\u00e9t komolyan vessz\u00fck, \u00e9s szigor\u00faan betartunk minden hat\u00e1lyos adatv\u00e9delmi jogszab\u00e1lyt \u00e9s el\u0151\u00edr\u00e1st, \u00edgy k\u00fcl\u00f6n\u00f6sen az \u00c1ltal\u00e1nos adatv\u00e9delmi rendeletet (DSGVO), a Sz\u00f6vets\u00e9gi adatv\u00e9delmi t\u00f6rv\u00e9nyt (BDSG) \u00e9s az Elektronikus m\u00e9dia t\u00f6rv\u00e9ny\u00e9t (TMG). Az al\u00e1bbi magyar\u00e1zatok r\u00e1l\u00e1t\u00e1st ny\u00fajtanak \u00f6nnek arra, hogyan biztos\u00edtjuk ezt az adatv\u00e9delmet, \u00e9s milyen adatokat dolgozunk fel milyen c\u00e9lb\u00f3l.<\/p>\n\n\n\n<h4 class=\"wp-block-heading\">1. FELEL\u0150S AZ \u00c1LTAL\u00c1NOS ADTV\u00c9DELMI RENDELET (DSGVO) \u00c9RTELM\u00c9BEN<\/h4>\n\n\n\n<p>fenaco cooperative<br>Grain, Oilseeds, Feedstuffs<br>Sustainability and communication<br>Theaterstrasse 15a<br>CH-8401 Winterthur<br>Tel. +41 (0)58 433\u00a064 65<br>Fax +41 (0)58 433 64 66<br><a href=\"mailto:info.gof@fenaco.com\">info.gof@fenaco.com<\/a><\/p>\n\n\n\n<h4 class=\"wp-block-heading\">2. HASZN\u00c1LATI ADATOK<\/h4>\n\n\n\n<p>Minden egyes weboldalunkhoz val\u00f3 hozz\u00e1f\u00e9r\u00e9skor \u00e9s valah\u00e1nyszor f\u00e1jlt h\u00edv le, automatikusan protokollf\u00e1jl t\u00e1rol\u00f3dik \u00e1ltal\u00e1nos adatokkal err\u0151l az elj\u00e1r\u00e1sr\u00f3l. A t\u00e1rol\u00e1s kiz\u00e1r\u00f3lag rendszer-specifikus \u00e9s statisztikai c\u00e9lokat szolg\u00e1l (a DSGVO 6. cikk, 1. bekezd\u00e9s b) pontja \u00e9rtelm\u00e9ben), valamint kiv\u00e9teles esetben a b\u0171ncselekm\u00e9nyek kimutat\u00e1s\u00e1t (a DSGVO 6. cikk, 1. bekezd\u00e9s, e) pontja \u00e9rtelm\u00e9ben).<\/p>\n\n\n\n<p>Adatok harmadik feleknek t\u00f6rt\u00e9n\u0151 tov\u00e1bbad\u00e1s\u00e1ra, illetve k\u00fcl\u00f6n \u00e9rt\u00e9kel\u00e9s\u00e9re nem ker\u00fcl sor, hacsak t\u00f6rv\u00e9nyes k\u00f6telezetts\u00e9g esete nem \u00e1ll fenn (a DSGVO 6. cikk, 1. bekezd\u00e9s, e) pontja \u00e9rtelm\u00e9ben).<\/p>\n\n\n\n<p>Konkr\u00e9tan minden egyes leh\u00edv\u00e1sn\u00e1l a k\u00f6vetkez\u0151 adatk\u00e9szlet ker\u00fcl t\u00e1rol\u00e1sra:<\/p>\n\n\n\n<ul class=\"wp-block-list\">\n<li>Internet szolg\u00e1ltat\u00f3j\u00e1nak neve<\/li>\n\n\n\n<li>IP-c\u00edme, illetve proxy szerver\u00e9nek IP-c\u00edme,<\/li>\n\n\n\n<li>B\u00f6ng\u00e9sz\u0151 szoftver\u00e9nek verzi\u00f3ja,<\/li>\n\n\n\n<li>Sz\u00e1m\u00edt\u00f3g\u00e9p\u00e9nek oper\u00e1ci\u00f3s rendszere,<\/li>\n\n\n\n<li>A weboldal, amelyr\u0151l minket felkeres,<\/li>\n\n\n\n<li>A weboldalak, amelyeket n\u00e1lunk l\u00e1togat,<\/li>\n\n\n\n<li>Keres\u0151szavak, amelyeket adott esetben n\u00e1lunk haszn\u00e1lt, illetve arra haszn\u00e1lt, hogy weboldalunkra r\u00e1tal\u00e1ljon.<\/li>\n<\/ul>\n\n\n\n<h4 class=\"wp-block-heading\">3. SZEM\u00c9LYES JELLEG\u0170 ADATOK<\/h4>\n\n\n\n<p>Szem\u00e9lyes jelleg\u0171 adatokat csak akkor dolgozunk fel, ha ezt jogszab\u00e1ly teszi lehet\u0151v\u00e9, illetve ha \u00d6n ehhez hozz\u00e1j\u00e1rult.<\/p>\n\n\n\n<p>R\u00e9szletesen:<\/p>\n\n\n\n<p><strong>A. KAPCSOLAT:<\/strong>Ha felveszi vel\u00fcnk a kapcsolatot, adatait a DSGVO 6. cikk, 1. bekezd\u00e9s, b) pontja \u00e9rtelm\u00e9ben t\u00e1roljuk k\u00e9r\u00e9se feldolgoz\u00e1s\u00e1nak c\u00e9lj\u00e1b\u00f3l, \u00e9s arra az esetre, ha a levelez\u00e9st tov\u00e1bb folytatn\u00e1nk.<\/p>\n\n\n\n<p><strong>B. REGISZTR\u00c1L\u00c1S<\/strong><\/p>\n\n\n\n<p>Lehet\u0151s\u00e9ge van saj\u00e1t profilt l\u00e9trehozni.<\/p>\n\n\n\n<p>Ehhez k\u00fcl\u00f6nf\u00e9le inform\u00e1ci\u00f3kra van sz\u00fcks\u00e9g\u00fcnk \u00d6nt\u0151l, p\u00e9ld\u00e1ul csal\u00e1di \u00e9s ut\u00f3nev\u00e9re, c\u00edm\u00e9re, e-mail c\u00edm\u00e9re. Ezen k\u00edv\u00fcl felk\u00e9rj\u00fck, hogy adjon meg egy felhaszn\u00e1l\u00f3i nevet, a felhaszn\u00e1l\u00f3i fel\u00fclet biztos\u00edt\u00e1s\u00e1hoz pedig egy jelsz\u00f3t.<\/p>\n\n\n\n<p>E-mailben kapja majd meg t\u0151l\u00fcnk a tan\u00fas\u00edt\u00e1st az \u00d6n \u00e1ltal megadott e-mail c\u00edmen, amelyben a meger\u0151s\u00edt\u00e9s linkre kell kattintania.<\/p>\n\n\n\n<p>Adatait csakis profilja kezel\u00e9s\u00e9nek c\u00e9ljaira haszn\u00e1ljuk, \u00e9s esetleg arra, hogy a regisztr\u00e1l\u00e1s\u00e1t illet\u0151en \u00d6nnel a kapcsolatot felvegy\u00fck.<\/p>\n\n\n\n<p>Tov\u00e1bb\u00e1 profilja r\u00e9v\u00e9n adatait b\u00e1rmikor kieg\u00e9sz\u00edthet, illetve friss\u00edtheti.<\/p>\n\n\n\n<p>Jogilag az ilyen adatfeldolgoz\u00e1st a DSGVO 6. cikk, 1. bekezd\u00e9s, b) pontja szab\u00e1lyozza, illetve a regisztr\u00e1l\u00e1s\u00e1t z\u00e1r\u00f3 hozz\u00e1j\u00e1rul\u00e1s, \u00e9s ezzel egy\u00fctt a DSGVO 6. cikk, 1. bekezd\u00e9s, a) pontja.<\/p>\n\n\n\n<h4 class=\"wp-block-heading\">4. S\u00dcTIK<\/h4>\n\n\n\n<p>Weboldalunk bizonyos tartom\u00e1nyaiban s\u00fctiket \u00e1ll\u00edtunk be. Az ilyen f\u00e1jlelemek r\u00e9v\u00e9n sz\u00e1m\u00edt\u00f3g\u00e9pe, mint m\u0171szaki egys\u00e9g, a weboldalra t\u00f6rt\u00e9n\u0151 l\u00e1togat\u00e1sakor beazonos\u00edthat\u00f3v\u00e1 v\u00e1lik ahhoz, hogy aj\u00e1nlataink haszn\u00e1lat\u00e1t \u2013 ak\u00e1r ism\u00e9telt felkeres\u00e9s eset\u00e9n is \u2013 megk\u00f6nny\u00edts\u00fck.<\/p>\n\n\n\n<p>Rendszerint azonban lehet\u0151s\u00e9ge van, hogy internetes b\u00f6ng\u00e9sz\u0151j\u00e9t \u00fagy \u00e1ll\u00edtsa be, hogy a s\u00fctik el\u0151fordul\u00e1s\u00e1r\u00f3l t\u00e1j\u00e9koztass\u00e1k ezek elfogad\u00e1sa vagy kiz\u00e1r\u00e1sa, illetve a m\u00e1r l\u00e9tez\u0151 s\u00fctik t\u00f6rl\u00e9se \u00e9rdek\u00e9ben.<\/p>\n\n\n\n<p>Haszn\u00e1lja, k\u00e9rj\u00fck, internetes b\u00f6ng\u00e9sz\u0151j\u00e9nek s\u00fag\u00f3 funkci\u00f3j\u00e1t, hogy ezeknek a be\u00e1ll\u00edt\u00e1soknak a m\u00f3dos\u00edt\u00e1s\u00e1r\u00f3l t\u00f6bbet tudhasson meg. T\u00e1j\u00e9koztatjuk, hogy weboldalunkon megt\u00f6rt\u00e9nhet, hogy bizonyos funkci\u00f3k nem m\u0171k\u00f6dnek, ha a s\u00fctik haszn\u00e1lat\u00e1t deaktiv\u00e1lja.<\/p>\n\n\n\n<p>A s\u00fctik nem teszik lehet\u0151v\u00e9 sz\u00e1m\u00edt\u00f3g\u00e9pe priv\u00e1t adatainak, illetve egy\u00e9b szerver \u00e1ltal elhelyezett b\u00e1rmely adatoknak szerver \u00e1ltali leolvas\u00e1s\u00e1t. Sz\u00e1m\u00edt\u00f3g\u00e9p\u00e9ben nem tesznek k\u00e1rt \u00e9s v\u00edrussal sem fert\u0151zik meg azt.<\/p>\n\n\n\n<p>A s\u00fctik alkalmaz\u00e1s\u00e1t a DSGVO 6 cikk, 1. bekezd\u00e9s, f) pontja \u00e9rtelm\u00e9ben t\u00e1mogatjuk: az adatfeldolgoz\u00e1s weboldalunk m\u0171k\u00f6d\u00e9si m\u00f3dj\u00e1nak t\u00f6k\u00e9letes\u00edt\u00e9s\u00e9t szolg\u00e1lja. Teh\u00e1t jogos \u00e9rdekeink megv\u00e9d\u00e9s\u00e9hez sz\u00fcks\u00e9ges.<\/p>\n\n\n\n<h4 class=\"wp-block-heading\">5. GOOGLE ANALYTICS<\/h4>\n\n\n\n<p>A Google Analytics webanalitikai szolg\u00e1ltat\u00e1st haszn\u00e1ljuk, amelyet a Google Inc., 1600 Amphitheatre Parkway, Mountain View, CA 94043, Egyes\u00fclt \u00c1llamok sz\u00e9khely\u0171 c\u00e9g ny\u00fajt. A Google Analytics \u00fagynevezett \u201es\u00fctiket&#8221;, azaz olyan sz\u00f6vegf\u00e1jlokat haszn\u00e1l, amelyeket sz\u00e1m\u00edt\u00f3g\u00e9pe b\u00f6ng\u00e9sz\u0151j\u00e9ben t\u00e1rol \u00e9s ez\u00e1ltal a weboldal haszn\u00e1lat\u00e1nak elemz\u00e9s\u00e9t teszik lehet\u0151v\u00e9. Az \u00d6n weboldal-haszn\u00e1lat\u00e1val kapcsolatos inform\u00e1ci\u00f3t, amelyet a s\u00fcti hoz l\u00e9tre, rendszerint a Google egyik Egyes\u00fclt \u00c1llamokbeli szerver\u00e9re viszik \u00e1t, \u00e9s ott t\u00e1rolj\u00e1k. Az IP-n\u00e9vtelen\u00edt\u00e9s ezen a weboldalon t\u00f6rt\u00e9n\u0151 aktiv\u00e1l\u00e1sa eset\u00e9n, az \u00d6n IP-c\u00edm\u00e9t a Google az Eur\u00f3pai Uni\u00f3 tag\u00e1llamain, illetve az Eur\u00f3pai Gazdas\u00e1gi T\u00e9rs\u00e9gr\u0151l sz\u00f3l\u00f3 meg\u00e1llapod\u00e1s tag\u00e1llamain bel\u00fcl el\u0151sz\u00f6r ler\u00f6vid\u00edti. Csak kiv\u00e9teles esetben k\u00fcldi \u00e1t az IP-c\u00edmet a Google egyik Egyes\u00fclt \u00c1llamokbeli szerver\u00e9re, \u00e9s r\u00f6vid\u00edti le ott. Megb\u00edz\u00e1sunkb\u00f3l a Google ezeket az inform\u00e1ci\u00f3kat arra haszn\u00e1lja, hogy ki\u00e9rt\u00e9kelje a weboldal \u00d6n \u00e1ltali haszn\u00e1lat\u00e1t, jelent\u00e9st k\u00e9sz\u00edtsen a weboldal tev\u00e9kenys\u00e9g\u00e9r\u0151l \u00e9s ennek alapj\u00e1n sz\u00e1munkra a weboldal haszn\u00e1lat\u00e1val \u00e9s az internet haszn\u00e1lat\u00e1val kapcsolatos szolg\u00e1ltat\u00e1sokat ny\u00fajtson. A Google Analytics keret\u00e9n bel\u00fcl az \u00d6n b\u00f6ng\u00e9sz\u0151je \u00e1ltal k\u00f6z\u00f6lt IP-c\u00edmet a Google egy\u00e9b adataival \u00f6sszef\u00fcgg\u00e9sbe hozni nem lehet. A s\u00fctik t\u00e1rol\u00e1s\u00e1t b\u00f6ng\u00e9sz\u0151 szoftver\u00e9nek megfelel\u0151 be\u00e1ll\u00edt\u00e1s\u00e1val akad\u00e1lyozhatja meg; felh\u00edvjuk azonban figyelm\u00e9t arra, hogy ilyen esetben megt\u00f6rt\u00e9nhet, hogy nem haszn\u00e1lhatja marad\u00e9ktalanul e weboldal \u00f6sszes funkci\u00f3j\u00e1t. Ezen k\u00edv\u00fcl a s\u00fcti \u00e1ltal l\u00e9trehozott \u00e9s a weboldal \u00d6n \u00e1ltali haszn\u00e1lat\u00e1ra vonatkoz\u00f3 adatok (\u00edgy az \u00f6n IP-c\u00edm\u00e9nek) r\u00f6gz\u00edt\u00e9s\u00e9t, valamint ezen adatok Google \u00e1ltali feldolgoz\u00e1s\u00e1t \u00fagy akad\u00e1lyozhatja meg, hogy b\u00f6ng\u00e9sz\u0151be be\u00e9p\u00fcl\u0151 modult t\u00f6lt le \u00e9s telep\u00edt az al\u00e1bbi link seg\u00edts\u00e9g\u00e9vel (http:\/\/tools.google.com\/dlpage\/gaoptout?hl=de).<\/p>\n\n\n\n<p>Felh\u00edvjuk figyelm\u00e9t arra, hogy ezen a weboldalon a Google Analytics a &#8222;gat._anonymizeIp();&#8221; k\u00f3dot b\u0151v\u00edtette ahhoz, hogy az IP-c\u00edmeket n\u00e9vtelen\u00fcl (\u00fagynevezett IP-maszkol\u00e1s r\u00e9v\u00e9n) r\u00f6gz\u00edthesse.<\/p>\n\n\n\n<p>A Google Analytics \u00e1ltali r\u00f6gz\u00edt\u00e9st tov\u00e1bb\u00e1 az al\u00e1bbi linkre kattintva is megakad\u00e1lyozhatja. Ez\u00e1ltal a s\u00fctik k\u00edv\u00fclmarad\u00e1sa (Opt-Out-Cookies) opci\u00f3t aktiv\u00e1lja, amely megakad\u00e1lyozza, hogy adatait e weboldal felkeres\u00e9sekor tov\u00e1bb r\u00f6gz\u00edts\u00e9k. Ez az elj\u00e1r\u00e1s f\u0151k\u00e9nt akkor aj\u00e1nlatos, ha az oldalunkat mobil v\u00e9gberendez\u00e9ssel akarja el\u00e9rni.<\/p>\n\n\n\n<p>Tov\u00e1bbi inform\u00e1ci\u00f3t tal\u00e1l a haszn\u00e1lati felt\u00e9telekr\u0151l \u00e9s az adatv\u00e9delemr\u0151l a www.google.com\/analytics\/terms\/de.html illetve a www.google.com\/intl\/de\/analytics\/privacyoverview.html c\u00edmen.<\/p>\n\n\n\n<p>Ennek az eszk\u00f6znek az alkalmaz\u00e1s\u00e1t a DSGVO 6. cikk, 1. bekezd\u00e9s f) pontja \u00e9rtelm\u00e9ben t\u00e1mogatjuk: az adatfeldolgoz\u00e1s a haszn\u00e1lati magatart\u00e1s elemz\u00e9s\u00e9nek c\u00e9lj\u00e1b\u00f3l t\u00f6rt\u00e9nik, \u00e9s ez\u00e9rt jogos \u00e9rdekeink v\u00e9delm\u00e9hez sz\u00fcks\u00e9ges.<\/p>\n\n\n\n<h4 class=\"wp-block-heading\">6. LEADRECORD<\/h4>\n\n\n\n<p>Marketing \u00e9s optimaliz\u00e1l\u00e1s c\u00e9lj\u00e1b\u00f3l ezen a honlapon olyan honlapnyomonk\u00f6vet\u00e9si (web-tracking) szolg\u00e1ltat\u00e1st alkalmazunk, amelyet a MovePeople GmbH, Aargauerstrasse 250, CH-8048 Z\u00fcrich, e-mail: info(a)movepeople.ch, tel.: +41 44 542 33 55, www.movepeople.ch ny\u00fajt. Ezt a szolg\u00e1ltat\u00e1st a MovePeople GmbH a \u201eLeadRecord\u201d (www.leadrecord.com) megnevez\u00e9ssel m\u0171k\u00f6dteti.<\/p>\n\n\n\n<p>L\u00e1togat\u00e1sa alkalm\u00e1val adatokat (IP-c\u00edmet, l\u00e1togat\u00e1sa id\u0151pontj\u00e1t \u00e9s d\u00e1tum\u00e1t, a l\u00e1togat\u00e1s id\u0151tartam\u00e1t, a felkeresett oldalakat, orsz\u00e1got, postai ir\u00e1ny\u00edt\u00f3sz\u00e1mot, helys\u00e9get, sz\u00e9less\u00e9gi fokot, hossz\u00fas\u00e1gi fokot, az internetszolg\u00e1ltat\u00f3 nev\u00e9t, a dom\u00e9nt, valamint azoknak a honlapoknak az internetes c\u00edm\u00e9t, amelyekr\u0151l \u00d6n egy linkekre kattintva eljutott a mi honlapunkra) gy\u0171jtenek be, dolgoznak fel \u00e9s t\u00e1rolnak. A begy\u0171jt\u00f6tt adatokat, amelyek szem\u00e9lyes jelleg\u0171 adatokat is tartalmazhatnak, a MovePeople GmbH szerverein t\u00e1rolj\u00e1k (a szerver telephelyek: Sv\u00e1jc, Ausztria, N\u00e9metorsz\u00e1g).<\/p>\n\n\n\n<p>A MovePeople a weboldalakon h\u00e1trahagyott l\u00e1togat\u00e1si inform\u00e1ci\u00f3kat anonim haszn\u00e1lati profilok l\u00e9trehoz\u00e1s\u00e1ra haszn\u00e1lja. A begy\u0171jt\u00f6tt IP-c\u00edmeket begy\u0171jt\u00e9s ut\u00e1n az utols\u00f3 sz\u00e1mtartom\u00e1ny t\u00f6rl\u00e9s\u00e9vel anonimiz\u00e1lj\u00e1k.<\/p>\n\n\n\n<p>Az adatok begy\u0171jt\u00e9se, feldolgoz\u00e1sa \u00e9s t\u00e1rol\u00e1sa a j\u00f6v\u0151re n\u00e9zve b\u00e1rmikor visszavonhat\u00f3. A https:\/\/app.leadrecord.com\/de\/ip-opt-out linkre kattintva z\u00e1rhatja ki mag\u00e1t a LeadRecord \u00e1ltali Web-Tracking-b\u0151l.<\/p>\n\n\n\n<p>Az \u00d6nr\u0151l m\u00e1r begy\u0171jt\u00f6tt adatok tekintet\u00e9ben k\u00e9rj\u00fck, forduljon k\u00f6zvetlen\u00fcl a MovePeople GmbH c\u00e9ghez.<\/p>\n\n\n\n<p>Tudnia kell, hogy az internet r\u00e9v\u00e9n k\u00f6z\u00f6lt adatokhoz jogosulatlan harmadik felek belf\u00f6ld\u00f6n \u00e9s k\u00fclf\u00f6ld\u00f6n is hozz\u00e1f\u00e9rhetnek. Megfelel\u0151 v\u00e9delmi l\u00e9p\u00e9seket foganatos\u00edtanak a biztons\u00e1gos adat\u00e1tvitelhez, felel\u0151ss\u00e9get, illetve garanci\u00e1t azonban nem v\u00e1llalnak.<\/p>\n\n\n\n<p>Az adatv\u00e9delemr\u0151l tov\u00e1bbi inform\u00e1ci\u00f3kat a http:\/\/www.leadrecord.com\/datenschutz\/ c\u00edmen olvashat. Ha k\u00e9rd\u00e9sei vagy k\u00e9telyei vannak szem\u00e9lyes jelleg\u0171 adatainak feldolgoz\u00e1sa tekintet\u00e9ben, az al\u00e1bbi c\u00edmen fordulhat hozz\u00e1nk:\u00a0<a href=\"mailto:info.gof@fenaco.com.\">info.gof@fenaco.com<\/a>.<\/p>\n\n\n\n<p>Ennek az eszk\u00f6znek a haszn\u00e1lat\u00e1t a DSGVO 6. cikk, 1. bekezd\u00e9s f) pontja \u00e9rtelm\u00e9ben t\u00e1mogatjuk: az adatfeldolgoz\u00e1s marketing \u00e9s optimaliz\u00e1l\u00e1s c\u00e9lj\u00e1b\u00f3l t\u00f6rt\u00e9nik, \u00e9s ez\u00e9rt jogos \u00e9rdekeink v\u00e9delm\u00e9hez sz\u00fcks\u00e9ges.<\/p>\n\n\n\n<h4 class=\"wp-block-heading\">7. AUMAGO DISCOVER<\/h4>\n\n\n\n<p>Egy\u00fcttm\u0171k\u00f6d\u00fcnk a webanalitikai \u00e9s c\u00e9lcsoport-marketing szolg\u00e1ltat\u00e1sokat ny\u00fajt\u00f3 Aumago GmbH c\u00e9ggel. Az Aumago \u00fagynevezett s\u00fctiket haszn\u00e1l, azaz olyan sz\u00f6vegf\u00e1jlt, amelyet sz\u00e1m\u00edt\u00f3g\u00e9pe b\u00f6ng\u00e9sz\u0151j\u00e9ben t\u00e1rol \u00e9s n\u00e9vtelen felhaszn\u00e1l\u00e1si adatokat gy\u0171jt be \/ tartalmaz. Ezekb\u0151l az adatokb\u00f3l fed\u0151n\u00e9v alatt felhaszn\u00e1l\u00e1si profilt lehet l\u00e9trehozni. Szem\u00e9lyes jelleg\u0171 adatokat azonban nem r\u00f6gz\u00edtenek. Ha IP-c\u00edmeket gy\u0171jtenek be, akkor ezeket az utols\u00f3 sz\u00e1mtartom\u00e1ny t\u00f6rl\u00e9s\u00e9vel n\u00e9vtelen\u00fcl t\u00e1rolj\u00e1k \u00e9s a s\u00fctikkel nem hozz\u00e1k \u00f6sszef\u00fcgg\u00e9sbe. A s\u00fctik lehetnek Aumago s\u00fctik vagy az Aumago harmadik f\u00e9lhez, p\u00e9ld\u00e1ul a krux digital Inc., Google Inc. stb. szolg\u00e1ltat\u00f3ihoz tartoz\u00f3 s\u00fctik. A felhaszn\u00e1l\u00f3 a s\u00fctiket saj\u00e1t b\u00f6ng\u00e9sz\u0151j\u00e9ben b\u00e1rmikor k\u00f6zvetlen\u00fcl t\u00f6r\u00f6lheti. Az Aumago ezeket az adatokat a weboldal l\u00e1togatotts\u00e1g\u00e1nak \u00e9rt\u00e9kel\u00e9s\u00e9re \u00e9s a haszn\u00e1lat alap\u00fa online rekl\u00e1m (OBA) c\u00e9ljaira haszn\u00e1lja.<\/p>\n\n\n\n<p>Ennek az eszk\u00f6znek a haszn\u00e1lat\u00e1t a DSGVO 6. cikk, 1. bekezd\u00e9s f) pontja \u00e9rtelm\u00e9ben t\u00e1mogatjuk: az adatfeldolgoz\u00e1s rekl\u00e1m c\u00e9lj\u00e1b\u00f3l t\u00f6rt\u00e9nik, \u00e9s ez\u00e9rt jogos \u00e9rdekeink v\u00e9delm\u00e9hez sz\u00fcks\u00e9ges.<\/p>\n\n\n\n<h4 class=\"wp-block-heading\">8. T\u00c1ROL\u00c1SI ID\u0150TARTAM<\/h4>\n\n\n\n<p>Az \u00d6n szem\u00e9lyes jelleg\u0171 adatait a mindenkori jogszab\u00e1lyokban megszabott meg\u0151rz\u00e9si id\u0151tartamig t\u00e1roljuk, \u00e9s ennek letelt\u00e9vel szab\u00e1lyszer\u0171en t\u00f6r\u00f6lj\u00fck, hacsak az \u00d6n szem\u00e9lyes jelleg\u0171 adataira a mindenkori t\u00e1rol\u00e1si c\u00e9lok (p\u00e9ld\u00e1ul a szerz\u0151d\u00e9s teljes\u00edt\u00e9se vagy el\u0151k\u00e9sz\u00edt\u00e9se) el\u00e9r\u00e9se ut\u00e1n nem lenne sz\u00fcks\u00e9g. Legk\u00e9s\u0151bb 3 \u00e9v lej\u00e1rt\u00e1val ellen\u0151rizz\u00fck, hogy az \u00d6n adatai sz\u00fcks\u00e9gesek-e m\u00e9g, \u00e9s t\u00f6rl\u00e9s\u00fckkel nem szegj\u00fck-e meg a jogszab\u00e1ly szerinti t\u00e1rol\u00e1si k\u00f6telezetts\u00e9get.<\/p>\n\n\n\n<h4 class=\"wp-block-heading\">9. AZ \u00c9RINTETTEK JOGAI<\/h4>\n\n\n\n<p><strong>A. A T\u00c1J\u00c9KOZTAT\u00c1SHOZ VAL\u00d3 JOG:<\/strong><\/p>\n\n\n\n<p>\u00d6nnek jog\u00e1ban \u00e1ll t\u0151l\u00fcnk nyilatkozatot k\u00e9rni annak tekintet\u00e9ben, hogy szem\u00e9lyes jelleg\u0171 adatai feldolgoz\u00e1sra ker\u00fclnek.<\/p>\n\n\n\n<p>Ehhez csup\u00e1n e-mailt kell k\u00fcldenie a\u00a0<a href=\"mailto:datenschutz@fenaco.com\"><a href=\"mailto:info.gof@fenaco.com.\">info.gof@fenaco.com<\/a><\/a>\u00a0c\u00edmre.<\/p>\n\n\n\n<p><strong>B. AZ ADATFELDOLGOZ\u00c1S HELYESB\u00cdT\u00c9SE\/T\u00d6RL\u00c9SE\/KORL\u00c1TOZ\u00c1SA:<\/strong><\/p>\n\n\n\n<p>Tov\u00e1bb\u00e1 jog\u00e1ban \u00e1ll t\u0151l\u00fcnk k\u00e9rni, hogy \u2022 helytelen szem\u00e9lyes jelleg\u0171 adatait azonnal helyesb\u00edts\u00fck (helyesb\u00edt\u00e9shez val\u00f3 jog); \u2022 szem\u00e9lyes jelleg\u0171 adatait azonnal t\u00f6r\u00f6lj\u00fck (t\u00f6rl\u00e9shez val\u00f3 jog) \u00e9s \u2022 az adatfeldolgoz\u00e1st korl\u00e1tozzuk (az adatfeldolgoz\u00e1s korl\u00e1toz\u00e1s\u00e1hoz val\u00f3 jog).<\/p>\n\n\n\n<p>Ehhez csup\u00e1n e-mailt kell k\u00fcldenie a\u00a0<a href=\"mailto:datenschutz@fenaco.com\"><\/a><a href=\"mailto:info.gof@fenaco.com.\">info.gof@fenaco.com<\/a> c\u00edmre.<\/p>\n\n\n\n<p><strong>C. ADATHORDOZHAT\u00d3S\u00c1GHOZ VAL\u00d3 JOG:<\/strong><\/p>\n\n\n\n<p>\u00d6nnek jog\u00e1ban \u00e1ll a rendelkez\u00e9s\u00fcnkre bocs\u00e1tott szem\u00e9lyes jelleg\u0171 adatait tagolt, sz\u00e9les k\u00f6rben haszn\u00e1lt, g\u00e9ppel olvashat\u00f3 form\u00e1tumban \u00e1tvenni \u00e9s egy\u00e9b felel\u0151s szem\u00e9lyeknek tov\u00e1bb\u00edtani.<\/p>\n\n\n\n<p>Ehhez csup\u00e1n e-mailt kell k\u00fcldenie a\u00a0<a href=\"mailto:datenschutz@fenaco.com\"><\/a><a href=\"mailto:info.gof@fenaco.com.\">info.gof@fenaco.com<\/a> c\u00edmre.<\/p>\n\n\n\n<h4 class=\"wp-block-heading\">D. EL\u00c1LL\u00c1SI JOG:<\/h4>\n\n\n\n<p>\u00d6nnek jogba \u00e1ll hozz\u00e1j\u00e1rul\u00e1s\u00e1t\u00f3l b\u00e1rmikor el\u00e1llni. Hozz\u00e1j\u00e1rul\u00e1s\u00e1nak visszavon\u00e1sa a visszavon\u00e1s id\u0151pontj\u00e1ig jogosan teljes\u00edtett feldolgoz\u00e1st nem \u00e9rinti.<\/p>\n\n\n\n<p>Ehhez csup\u00e1n e-mailt kell k\u00fcldenie a\u00a0<a href=\"mailto:datenschutz@fenaco.com\"><a href=\"mailto:datenschutz@fenaco.com\"><\/a><a href=\"mailto:info.gof@fenaco.com.\">info.gof@fenaco.com<\/a><\/a>\u00a0c\u00edmre.<\/p>\n\n\n\n<p>E. KIFOG\u00c1SOL\u00c1SI JOG:<\/p>\n\n\n\n<p>Ha szem\u00e9lyes jelleg\u0171 adatainak feldolgoz\u00e1sa k\u00f6z\u00e9rdek\u0171 feladat (DSGVO 6. cikk, 1. bekezd\u00e9s, e) pont szerinti) ell\u00e1t\u00e1s\u00e1hoz, illetve jogos \u00e9rdekeink megv\u00e9d\u00e9s\u00e9hez (DSGVO 6. cikk, 1. bekezd\u00e9s, f) pont) sz\u00fcks\u00e9ges, akkor \u00d6n kifog\u00e1sol\u00e1si jog\u00e1val \u00e9lhet.<\/p>\n\n\n\n<p>Ehhez csup\u00e1n e-mailt kell k\u00fcldenie a\u00a0<a href=\"mailto:datenschutz@fenaco.com\"><a href=\"mailto:datenschutz@fenaco.com\"><\/a><a href=\"mailto:info.gof@fenaco.com.\">info.gof@fenaco.com<\/a><\/a>\u00a0c\u00edmre.<\/p>\n\n\n\n<h4 class=\"wp-block-heading\">F. PANASZT\u00c9TELHEZ VAL\u00d3 JOG:<\/h4>\n\n\n\n<p>Ha megl\u00e1t\u00e1sa szerint szem\u00e9lyes jelleg\u0171 adatainak kezel\u00e9se a DSGVO rendelkez\u00e9seibe \u00fctk\u00f6zik, akkor b\u00e1rmely egy\u00e9b jogorvoslat s\u00e9relme n\u00e9lk\u00fcl \u00d6nnek jog\u00e1ban \u00e1ll panasz\u00e1val fel\u00fcgyeleti hat\u00f3s\u00e1ghoz fordulni.<\/p>\n\n\n\n<h4 class=\"wp-block-heading\">10. ADATV\u00c9DELMI FELEL\u0150S\u00dcNK<\/h4>\n\n\n\n<p><strong>Fenaco sz\u00f6vetkezet<\/strong><br>Adatv\u00e9delmi felel\u0151s<br>Allee 1a<br>CH-6210 Sursee<br><a href=\"mailto:datenschutz@fenaco.com\">datenschutz@fenaco.com<\/a><\/p>\n\n\n\n<h4 class=\"wp-block-heading\">11. ADATBIZTONS\u00c1G<\/h4>\n\n\n\n<p>Adatai biztons\u00e1ga \u00e9rdek\u00e9ben a legkorszer\u0171bb internetes technol\u00f3gi\u00e1kat alkalmazzuk. Az online lek\u00e9rdez\u00e9si folyamat sor\u00e1n adatait SSL (biztons\u00e1gi alr\u00e9teg) titkos\u00edt\u00e1ssal biztos\u00edtjuk be. Adatai biztons\u00e1gos t\u00e1rol\u00e1sa \u00e9rdek\u00e9ben rendszereinket t\u0171zfal v\u00e9di, amely az illet\u00e9ktelen k\u00fcls\u0151 hozz\u00e1f\u00e9r\u00e9st megakad\u00e1lyozza.<\/p>\n\n\n\n<p>Ezen t\u00falmen\u0151en m\u0171szaki \u00e9s szervez\u00e9si biztons\u00e1gi l\u00e9p\u00e9seket foganatos\u00edtunk, hogy az \u00d6n \u00e1ltal rendelkez\u00e9sre bocs\u00e1tott szem\u00e9lyes adatokat illet\u00e9ktelenek v\u00e9letlenszer\u0171 vagy sz\u00e1nd\u00e9kos manipul\u00e1ci\u00f3j\u00e1val, adatveszt\u00e9ssel, megsemmis\u00fcl\u00e9ssel, illetve hozz\u00e1f\u00e9r\u00e9s\u00e9vel szemben megv\u00e9dj\u00fck. Azokat a szerz\u0151d\u00e9ses partnereinket, akiknek az \u00d6n adataihoz annak \u00e9rdek\u00e9ben van hozz\u00e1f\u00e9r\u00e9s\u00fck, hogy nev\u00fcnkben \u00d6nnek szolg\u00e1ltat\u00e1st ny\u00fajtsanak, szerz\u0151d\u00e9sben k\u00f6telezz\u00fcnk az adatv\u00e9delem betart\u00e1s\u00e1ra \u00e9s a titoktart\u00e1sra.<\/p>\n\n\n\n<h4 class=\"wp-block-heading\">12. A M\u00d3DOS\u00cdT\u00c1S JOGA FENNTARTVA<\/h4>\n\n\n\n<p>Fenntartjuk magunknak annak jog\u00e1t, hogy ezt az adatv\u00e9delmi nyilatkozatot alkalmass\u00e1g szerint a mindenkori jogszab\u00e1lyi k\u00f6vetelm\u00e9nyekhez igaz\u00edtsuk, illetve annak jog\u00e1t, hogy teljes\u00edt\u00e9seinket az adatv\u00e9delmi nyilatkozatban megv\u00e1ltoztassuk, p\u00e9ld\u00e1ul \u00faj szolg\u00e1ltat\u00e1sok bevezet\u00e9se eset\u00e9n. \u00dajabb l\u00e1togat\u00e1sa eset\u00e9n az \u00faj adatv\u00e9delmi nyilatkozat lesz \u00e9rv\u00e9nyben.<\/p>\n\n\n\n<h4 class=\"wp-block-heading\">13. LINKEK EGY\u00c9B HONLAPOKHOZ<\/h4>\n\n\n\n<p>Online aj\u00e1nlatunk linkeket tartalmaz egy\u00e9b aj\u00e1nlattev\u0151k honlapjaihoz. Arra azonban nincs befoly\u00e1sunk, hogy ezek \u00fczemeltet\u0151je betartsa az adatv\u00e9delmi rendelkez\u00e9seket.<\/p>\n","protected":false},"excerpt":{"rendered":"<p>Mi, a fenaco, Erlachstrasse 5, 3001 Bern (a tov\u00e1bbiakban \u201emi \/ a mi\u201d kifejez\u00e9ssel \u00e9lve), szem\u00e9lyes jelleg\u0171 adatainak v\u00e9delm\u00e9t komolyan vessz\u00fck, \u00e9s szigor\u00faan betartunk minden hat\u00e1lyos adatv\u00e9delmi jogszab\u00e1lyt \u00e9s el\u0151\u00edr\u00e1st, \u00edgy k\u00fcl\u00f6n\u00f6sen az \u00c1ltal\u00e1nos adatv\u00e9delmi rendeletet (DSGVO), a Sz\u00f6vets\u00e9gi adatv\u00e9delmi t\u00f6rv\u00e9nyt (BDSG) \u00e9s az Elektronikus m\u00e9dia t\u00f6rv\u00e9ny\u00e9t (TMG). Az al\u00e1bbi magyar\u00e1zatok r\u00e1l\u00e1t\u00e1st ny\u00fajtanak \u00f6nnek arra, [&hellip;]<\/p>\n","protected":false},"author":4,"featured_media":0,"parent":0,"menu_order":0,"comment_status":"closed","ping_status":"closed","template":"","meta":{"_acf_changed":false,"inline_featured_image":false,"_genesis_hide_title":false,"_genesis_hide_breadcrumbs":false,"_genesis_hide_singular_image":false,"_genesis_hide_footer_widgets":false,"_genesis_custom_body_class":"","_genesis_custom_post_class":"","_genesis_layout":"","footnotes":""},"class_list":{"0":"post-2569","1":"page","2":"type-page","3":"status-publish","5":"entry"},"acf":[],"_links":{"self":[{"href":"https:\/\/granagroup.eu\/hu\/wp-json\/wp\/v2\/pages\/2569","targetHints":{"allow":["GET"]}}],"collection":[{"href":"https:\/\/granagroup.eu\/hu\/wp-json\/wp\/v2\/pages"}],"about":[{"href":"https:\/\/granagroup.eu\/hu\/wp-json\/wp\/v2\/types\/page"}],"author":[{"embeddable":true,"href":"https:\/\/granagroup.eu\/hu\/wp-json\/wp\/v2\/users\/4"}],"replies":[{"embeddable":true,"href":"https:\/\/granagroup.eu\/hu\/wp-json\/wp\/v2\/comments?post=2569"}],"version-history":[{"count":0,"href":"https:\/\/granagroup.eu\/hu\/wp-json\/wp\/v2\/pages\/2569\/revisions"}],"wp:attachment":[{"href":"https:\/\/granagroup.eu\/hu\/wp-json\/wp\/v2\/media?parent=2569"}],"curies":[{"name":"wp","href":"https:\/\/api.w.org\/{rel}","templated":true}]}}