{"id":3479,"date":"2023-12-20T23:16:03","date_gmt":"2023-12-20T22:16:03","guid":{"rendered":"https:\/\/granagroup.eu\/handel-bio\/"},"modified":"2025-11-03T13:34:04","modified_gmt":"2025-11-03T12:34:04","slug":"handel-bio","status":"publish","type":"page","link":"https:\/\/granagroup.eu\/hu\/handel-bio\/","title":{"rendered":"Bio kereskedelem"},"content":{"rendered":"\n<p>Az eur\u00f3pai biopiacon berlini telephelyr\u0151l tev\u00e9kneykedik granabio m\u00e1rkan\u00e9v alatt a granaagro deutschland gmbh egy szakosodott csoportja. Innen nemcsak a beszerz\u00e9s biztos\u00edtott a Fenco T\u00e1rsas\u00e1g sz\u00e1m\u00e1ra Sv\u00e1jcban, hanem a teljes eur\u00f3pai bio-kereskedelmi k\u00f6nyvet is innen vezetik.&nbsp;<\/p>\n\n\n\n<p>Ezzel a csapattal biztos\u00edtja a granaagro Deutschland GmbH Csoport a biol\u00f3giai \u00faton el\u0151\u00e1ll\u00edtott nyersanyagok biztons\u00e1gos beszerz\u00e9s\u00e9t a mez\u0151gazdas\u00e1gi \u00fczemb\u0151l, az els\u0151 t\u00e1rol\u00f3helyr\u0151l vagy a feldolgoz\u00f3b\u00f3l. Mindezeknek k\u00f6sz\u00f6nhet\u0151en a piac egyik vezet\u0151, teljes k\u00f6r\u0171 nyersanyagsz\u00e1ll\u00edt\u00f3j\u00e1v\u00e1 v\u00e1ltunk.<\/p>\n\n\n\n<p>A berlini Granabio Csapat m\u00e1r t\u00f6bb \u00e9ve akt\u00edv a biopiacon \u00e9s magas fok\u00fa szak\u00e9rtelemmel rendelkezik a bio-nyersanyagok kereskedelm\u00e9ben \u00e9s logisztik\u00e1j\u00e1ban egyar\u00e1nt. <\/p>\n\n\n\n<p>Az \u00e1ltalunk forgalmazott term\u00e9kk\u00edn\u00e1latban \u0151r\u00f6lt \u00e9s takarm\u00e1nygabon\u00e1k, h\u00fcvelyesek, olajos magvak \u00e9s n\u00f6v\u00e9nyi olajok, takarm\u00e1nyfeh\u00e9rj\u00e9k, valamint egy\u00e9b takarm\u00e1ny-alapanyagok \u00e9s mell\u00e9kterm\u00e9kek szerepelnek.<\/p>\n\n\n\n<p>Piaci partnereink sz\u00e1m\u00e1ra a k\u00f6vetkez\u0151 szolg\u00e1ltat\u00e1sokat k\u00edn\u00e1ljuk:<\/p>\n\n\n\n<ul class=\"wp-block-list\">\n<li>a biol\u00f3giai \u00faton el\u0151\u00e1ll\u00edtott nyersanyagok biztons\u00e1gos beszerz\u00e9s\u00e9t<\/li>\n\n\n\n<li>a szerz\u0151d\u00e9sek megb\u00edzhat\u00f3 v\u00e9grehajt\u00e1s\u00e1t \u00e9s tisztess\u00e9ges szerz\u0151d\u00e9si felt\u00e9teleket<\/li>\n\n\n\n<li>magas fok\u00fa szak\u00e9rtelmet a bio-nyersanyagok kereskedelm\u00e9ben \u00e9s azok lebonyol\u00edt\u00e1s\u00e1ban<\/li>\n\n\n\n<li>mindenekfelett megold\u00e1sra t\u00f6rekv\u00e9st<\/li>\n\n\n\n<li>a bio nyersanyagok beszerz\u00e9s\u00e9t \u00e9s \u00e9rt\u00e9kes\u00edt\u00e9s\u00e9t<\/li>\n\n\n\n<li>a bio nyersanyagok hat\u00e9kony logisztik\u00e1j\u00e1t<\/li>\n<\/ul>\n\n\n\n<hr class=\"wp-block-separator has-alpha-channel-opacity is-style-dots\"\/>\n\n\n\n<h3 class=\"wp-block-heading\"><strong>Az \u00d6n kereskedelmi kapcsolatai<\/strong><\/h3>\n\n\n\n<div style=\"height:10px\" aria-hidden=\"true\" class=\"wp-block-spacer\"><\/div>\n\n\n\n<div class=\"wp-block-columns\">\n<div class=\"wp-block-column\">\n<p>\u00c9szak-N\u00e9metorsz\u00e1g, Skandin\u00e1via, Nagy-Britannia, Rom\u00e1nia \u00e9s Olaszorsz\u00e1g<\/p>\n<\/div>\n\n\n\n<div class=\"wp-block-column\">\n<p>\u00c9szak-N\u00e9metorsz\u00e1g \u00e9s Lengyelorsz\u00e1g<\/p>\n<\/div>\n\n\n\n<div class=\"wp-block-column\">\n<p>N\u00e9metorsz\u00e1g, Ausztria, Magyarorsz\u00e1g \u00e9s Rom\u00e1nia<\/p>\n<\/div>\n<\/div>\n\n\n\n<div class=\"wp-block-columns\">\n<div class=\"wp-block-column\">\n<div class=\"wp-block-cloudweb-person-card is-style-with-languages wp-block-cloudweb-person-card-dynamic\">\n\t<div class=\"person-card-info\">\n\t\t<div class=\"person-card-image\">\n\t\t\t<img decoding=\"async\" src=\"https:\/\/granagroup.eu\/wp-content\/uploads\/2024\/03\/Loeschke_Jana_GRANA_2022.jpg\" alt=\"\" width=\"800\" height=\"800\" loading=\"lazy\" \/>\t\t<\/div>\n\t\t<div class=\"person-card-details\">\n\t\t\t<h2 class=\"person-card-name\">Jana L\u00f6schke<\/h2>\n\t\t\t<p class=\"person-card-detail\">Trader \/ site manager Berlin<\/p><\/div>\n\t<\/div>\n\t<div class=\"person-card-contact\">\n\t\t\t\t\t<p class=\"person-card-phone\">\n\t\t\t\t<a href=\"tel:+4930300109803\" itemprop=\"telephone\" title=\"Call us\">+49 303 0010 9803<\/a>\t\t\t<\/p>\n\t\t\t\t\t\t\t\t\t\t\t\t\t\t<p class=\"person-card-mobile\">\n\t\t\t\t\t<a href=\"tel:+491607212432\" itemprop=\"telephone\" title=\"Call us\">+49 160 7212 432<\/a>\t\t\t\t<\/p>\n\t\t\t\t\t\t\t\t\t\t<p class=\"person-card-mail\">\n\t\t\t\t<a href=\"mailto:Jana.lo%65s%63%68k%65%40g&#114;a&#110;&#97;%67&#114;%6f&#117;%70%2e&#101;&#117;\" title=\"Email us\" itemprop=\"email\">&#74;ana.lo&#101;s&#99;h&#107;e&#64;&#103;&#114;a&#110;&#97;&#103;&#114;&#111;u&#112;&#46;eu<\/a>\t\t\t<\/p>\n\t\t\n\t<\/div>\n\t\t\t<div class=\"person-card-languages\">\n\t\t\t<span>Languages<\/span>\n\t\t\t<ul class=\"languages-list\">\n\t\t\t\t\t\t\t\t\t<li><i class=\"icon-lang icon-lang-de\"><\/i><\/li>\n\t\t\t\t\t\t\t\t\t<li><i class=\"icon-lang icon-lang-en\"><\/i><\/li>\n\t\t\t\t\t\t\t\t\t<li><i class=\"icon-lang icon-lang-it\"><\/i><\/li>\n\t\t\t\t\t\t\t<\/ul>\n\t\t<\/div>\n\t<\/div>\n<\/div>\n\n\n\n<div class=\"wp-block-column\">\n<div class=\"wp-block-cloudweb-person-card is-style-with-languages wp-block-cloudweb-person-card-dynamic\">\n\t<div class=\"person-card-info\">\n\t\t<div class=\"person-card-image\">\n\t\t\t<img decoding=\"async\" src=\"https:\/\/granagroup.eu\/wp-content\/uploads\/2023\/12\/Cysewski_Max_GRANA_2022.jpg\" alt=\"\" width=\"800\" height=\"800\" loading=\"lazy\" \/>\t\t<\/div>\n\t\t<div class=\"person-card-details\">\n\t\t\t<h2 class=\"person-card-name\">Maximilian von Cysewski<\/h2>\n\t\t\t<p class=\"person-card-detail\">Trader &amp; Field sourcing<\/p><\/div>\n\t<\/div>\n\t<div class=\"person-card-contact\">\n\t\t\t\t\t<p class=\"person-card-phone\">\n\t\t\t\t<a href=\"tel:+4930300109805\" itemprop=\"telephone\" title=\"Call us\">+49 303 0010 9805<\/a>\t\t\t<\/p>\n\t\t\t\t\t\t\t\t\t\t\t\t\t\t<p class=\"person-card-mobile\">\n\t\t\t\t\t<a href=\"tel:+491712708799\" itemprop=\"telephone\" title=\"Call us\">+49 171 270 8799<\/a>\t\t\t\t<\/p>\n\t\t\t\t\t\t\t\t\t\t<p class=\"person-card-mail\">\n\t\t\t\t<a href=\"mailto:%6d%61xi&#109;%69li%61n.%63&#121;&#115;%65&#119;%73&#107;&#105;&#64;%67%72%61nagr&#111;&#117;p%2e&#101;%75\" title=\"Email us\" itemprop=\"email\">m&#97;ximi&#108;ian&#46;c&#121;sews&#107;&#105;&#64;g&#114;ana&#103;ro&#117;p.eu<\/a>\t\t\t<\/p>\n\t\t\n\t<\/div>\n\t\t\t<div class=\"person-card-languages\">\n\t\t\t<span>Languages<\/span>\n\t\t\t<ul class=\"languages-list\">\n\t\t\t\t\t\t\t\t\t<li><i class=\"icon-lang icon-lang-de\"><\/i><\/li>\n\t\t\t\t\t\t\t\t\t<li><i class=\"icon-lang icon-lang-en\"><\/i><\/li>\n\t\t\t\t\t\t\t<\/ul>\n\t\t<\/div>\n\t<\/div>\n<\/div>\n\n\n\n<div class=\"wp-block-column\">\n<div class=\"wp-block-cloudweb-person-card is-style-with-languages wp-block-cloudweb-person-card-dynamic\">\n\t<div class=\"person-card-info\">\n\t\t<div class=\"person-card-image\">\n\t\t\t<img decoding=\"async\" src=\"https:\/\/granagroup.eu\/wp-content\/uploads\/2024\/07\/Friedrich_Mechler_GRANA_2024-1.jpg\" alt=\"\" width=\"472\" height=\"463\" loading=\"lazy\" \/>\t\t<\/div>\n\t\t<div class=\"person-card-details\">\n\t\t\t<h2 class=\"person-card-name\">Friedrich Mechler<\/h2>\n\t\t\t<p class=\"person-card-detail\">H\u00e4ndler<\/p><\/div>\n\t<\/div>\n\t<div class=\"person-card-contact\">\n\t\t\t\t\t<p class=\"person-card-phone\">\n\t\t\t\t<a href=\"tel:+4930300109802\" itemprop=\"telephone\" title=\"Call us\">+49 303 0010 9802<\/a>\t\t\t<\/p>\n\t\t\t\t\t\t\t\t\t\t\t\t\t\t<p class=\"person-card-mobile\">\n\t\t\t\t\t<a href=\"tel:+4915153434516\" itemprop=\"telephone\" title=\"Call us\">+49 151 5343 4516<\/a>\t\t\t\t<\/p>\n\t\t\t\t\t\t\t\t\t\t<p class=\"person-card-mail\">\n\t\t\t\t<a href=\"mailto:%66%72%69&#101;dri%63%68&#46;&#109;&#101;&#99;&#104;&#108;%65r&#64;gran%61&#103;r%6f%75%70.e%75\" title=\"Email us\" itemprop=\"email\">&#102;&#114;&#105;&#101;&#100;ri&#99;h&#46;&#109;ec&#104;&#108;&#101;r&#64;g&#114;&#97;nagr&#111;up.&#101;u<\/a>\t\t\t<\/p>\n\t\t\n\t<\/div>\n\t\t\t<div class=\"person-card-languages\">\n\t\t\t<span>Languages<\/span>\n\t\t\t<ul class=\"languages-list\">\n\t\t\t\t\t\t\t\t\t<li><i class=\"icon-lang icon-lang-de\"><\/i><\/li>\n\t\t\t\t\t\t\t\t\t<li><i class=\"icon-lang icon-lang-en\"><\/i><\/li>\n\t\t\t\t\t\t\t<\/ul>\n\t\t<\/div>\n\t<\/div>\n<\/div>\n<\/div>\n\n\n\n<div class=\"wp-block-columns\">\n<div class=\"wp-block-column\">\n<p>D\u00e9l-N\u00e9metorsz\u00e1g, Ausztria, Magyarorsz\u00e1g \u00e9s Csehorsz\u00e1g<\/p>\n<\/div>\n\n\n\n<div class=\"wp-block-column\">\n<p><\/p>\n<\/div>\n\n\n\n<div class=\"wp-block-column\">\n<p><\/p>\n<\/div>\n<\/div>\n\n\n\n<div class=\"wp-block-columns\">\n<div class=\"wp-block-column\">\n<div class=\"wp-block-cloudweb-person-card is-style-with-languages wp-block-cloudweb-person-card-dynamic\">\n\t<div class=\"person-card-info\">\n\t\t<div class=\"person-card-image\">\n\t\t\t<img decoding=\"async\" src=\"https:\/\/granagroup.eu\/wp-content\/uploads\/2023\/12\/Zacek_Vaclav_GRANA_2023.jpg\" alt=\"\" width=\"475\" height=\"475\" loading=\"lazy\" \/>\t\t<\/div>\n\t\t<div class=\"person-card-details\">\n\t\t\t<h2 class=\"person-card-name\">Vaclav Zacek<\/h2>\n\t\t\t<p class=\"person-card-detail\">Field sourcing<\/p><\/div>\n\t<\/div>\n\t<div class=\"person-card-contact\">\n\t\t\t\t\t<p class=\"person-card-phone\">\n\t\t\t\t<a href=\"tel:+4930300109808\" itemprop=\"telephone\" title=\"Call us\">+49 303 0010 9808<\/a>\t\t\t<\/p>\n\t\t\t\t\t\t\t\t\t\t\t\t\t\t<p class=\"person-card-mobile\">\n\t\t\t\t\t<a href=\"tel:+491704505200\" itemprop=\"telephone\" title=\"Call us\">+49 170 4505 200<\/a>\t\t\t\t<\/p>\n\t\t\t\t\t\t\t\t\t\t<p class=\"person-card-mail\">\n\t\t\t\t<a href=\"mailto:&#118;a&#99;&#108;&#97;&#118;.%7a%61c%65&#107;%40%67ra&#110;agro%75p&#46;%65&#117;\" title=\"Email us\" itemprop=\"email\">v&#97;&#99;&#108;a&#118;.zacek&#64;&#103;ran&#97;g&#114;&#111;up&#46;&#101;u<\/a>\t\t\t<\/p>\n\t\t\n\t<\/div>\n\t\t\t<div class=\"person-card-languages\">\n\t\t\t<span>Languages<\/span>\n\t\t\t<ul class=\"languages-list\">\n\t\t\t\t\t\t\t\t\t<li><i class=\"icon-lang icon-lang-de\"><\/i><\/li>\n\t\t\t\t\t\t\t\t\t<li><i class=\"icon-lang icon-lang-cz\"><\/i><\/li>\n\t\t\t\t\t\t\t<\/ul>\n\t\t<\/div>\n\t<\/div>\n<\/div>\n\n\n\n<div class=\"wp-block-column\"><\/div>\n\n\n\n<div class=\"wp-block-column\"><\/div>\n<\/div>\n\n\n\n<div class=\"wp-block-buttons\">\n<div class=\"wp-block-button is-style-fill is-style-fill--1\"><a class=\"wp-block-button__link wp-element-button\" href=\"https:\/\/granagroup.eu\/hu\/granabio-das-bio-team\/\">The entire organic team<\/a><\/div>\n<\/div>\n","protected":false},"excerpt":{"rendered":"<p>Az eur\u00f3pai biopiacon berlini telephelyr\u0151l tev\u00e9kneykedik granabio m\u00e1rkan\u00e9v alatt a granaagro deutschland gmbh egy szakosodott csoportja. Innen nemcsak a beszerz\u00e9s biztos\u00edtott a Fenco T\u00e1rsas\u00e1g sz\u00e1m\u00e1ra Sv\u00e1jcban, hanem a teljes eur\u00f3pai bio-kereskedelmi k\u00f6nyvet is innen vezetik.&nbsp; Ezzel a csapattal biztos\u00edtja a granaagro Deutschland GmbH Csoport a biol\u00f3giai \u00faton el\u0151\u00e1ll\u00edtott nyersanyagok biztons\u00e1gos beszerz\u00e9s\u00e9t a mez\u0151gazdas\u00e1gi \u00fczemb\u0151l, az [&hellip;]<\/p>\n","protected":false},"author":4,"featured_media":0,"parent":0,"menu_order":0,"comment_status":"closed","ping_status":"closed","template":"","meta":{"_acf_changed":false,"inline_featured_image":false,"_genesis_hide_title":false,"_genesis_hide_breadcrumbs":false,"_genesis_hide_singular_image":false,"_genesis_hide_footer_widgets":false,"_genesis_custom_body_class":"","_genesis_custom_post_class":"","_genesis_layout":"","footnotes":""},"class_list":{"0":"post-3479","1":"page","2":"type-page","3":"status-publish","5":"entry"},"acf":[],"_links":{"self":[{"href":"https:\/\/granagroup.eu\/hu\/wp-json\/wp\/v2\/pages\/3479","targetHints":{"allow":["GET"]}}],"collection":[{"href":"https:\/\/granagroup.eu\/hu\/wp-json\/wp\/v2\/pages"}],"about":[{"href":"https:\/\/granagroup.eu\/hu\/wp-json\/wp\/v2\/types\/page"}],"author":[{"embeddable":true,"href":"https:\/\/granagroup.eu\/hu\/wp-json\/wp\/v2\/users\/4"}],"replies":[{"embeddable":true,"href":"https:\/\/granagroup.eu\/hu\/wp-json\/wp\/v2\/comments?post=3479"}],"version-history":[{"count":0,"href":"https:\/\/granagroup.eu\/hu\/wp-json\/wp\/v2\/pages\/3479\/revisions"}],"wp:attachment":[{"href":"https:\/\/granagroup.eu\/hu\/wp-json\/wp\/v2\/media?parent=3479"}],"curies":[{"name":"wp","href":"https:\/\/api.w.org\/{rel}","templated":true}]}}